{"id":1403,"date":"2018-07-30T15:41:10","date_gmt":"2018-07-30T15:41:10","guid":{"rendered":"https:\/\/hotelvestmannaeyjar.is\/eiginleikar\/"},"modified":"2025-02-28T10:42:51","modified_gmt":"2025-02-28T10:42:51","slug":"eiginleikar","status":"publish","type":"page","link":"https:\/\/hotelvestmannaeyjar.is\/is\/eiginleikar\/","title":{"rendered":"Eiginleikar"},"content":{"rendered":"<div class=\"wpb-content-wrapper\"><p>[vc_row content_placement=&#8220;middle&#8220;][vc_column width=&#8220;1\/2&#8243;][vc_single_image image=&#8220;1563&#8243; img_size=&#8220;large&#8220; alignment=&#8220;center&#8220; css=&#8220;&#8220;][\/vc_column][vc_column width=&#8220;1\/2&#8243;][vc_column_text css=&#8220;&#8220; el_class=&#8220;text-green-color-class&#8220;]<\/p>\n<h2>Tveggja manna herbergi<\/h2>\n<p>[\/vc_column_text][vc_empty_space height=&#8220;30px&#8220;][vc_column_text css=&#8220;&#8220; el_class=&#8220;text-green-color-class&#8220;]H\u00f3tel Vestmannaeyjar er me\u00f0 \u00ferj\u00e1t\u00edu 22 m\u00b2 \u00fe\u00e6gileg standard herbergi me\u00f0 s\u00e9rba\u00f0herbergjum. Herbergin eru a\u00f0gengileg fyrir fatla\u00f0a. Hvert herbergi er fallega innr\u00e9tta\u00f0. Morgunver\u00f0arhla\u00f0bor\u00f0 er innifali\u00f0. \u00d6ll herbergin okkar eru reyklaus. Innifali\u00f0 \u00ed ver\u00f0i herbergisins er a\u00f0gangur a\u00f0 SPA.[\/vc_column_text][vc_empty_space height=&#8220;30px&#8220;][vc_btn title=&#8220;Lestu meira&#8220; color=&#8220;default&#8220; css=&#8220;.vc_custom_1740739285433{background-color: #4C543D !important;}&#8220; link=&#8220;url:https%3A%2F%2Fhotelvestmannaeyjar.is%2Frooms%2Fdouble-room%2F|title:Tveggja%20manna%20herbergi|&#8220;][\/vc_column][\/vc_row][vc_row content_placement=&#8220;middle&#8220;][vc_column width=&#8220;1\/2&#8243;][vc_column_text css=&#8220;&#8220; el_class=&#8220;text-green-color-class&#8220;]<\/p>\n<h2>Eins manns herbergi<\/h2>\n<p>[\/vc_column_text][vc_empty_space height=&#8220;30px&#8220;][vc_column_text css=&#8220;&#8220; el_class=&#8220;text-green-color-class&#8220;]H\u00f3tel Vestmannaeyjar er me\u00f0 t\u00f3lf 15 m\u00b2 \u00fe\u00e6gileg standard herbergi me\u00f0 s\u00e9rba\u00f0herbergjum. Morgunver\u00f0arhla\u00f0bor\u00f0 er innifali\u00f0. \u00d6ll herbergin okkar eru reyklaus. Innifali\u00f0 \u00ed ver\u00f0i herbergisins er a\u00f0gangur a\u00f0 SPA.[\/vc_column_text][vc_empty_space height=&#8220;30px&#8220;][vc_btn title=&#8220;Lestu meira&#8220; color=&#8220;default&#8220; css=&#8220;.vc_custom_1740739306702{background-color: #4C543D !important;}&#8220; link=&#8220;url:https%3A%2F%2Fhotelvestmannaeyjar.is%2Frooms%2Fsingle-room%2F|title:Eins%20manns%20herbergi|&#8220;][\/vc_column][vc_column width=&#8220;1\/2&#8243;][vc_single_image image=&#8220;1508&#8243; img_size=&#8220;large&#8220; alignment=&#8220;center&#8220; css=&#8220;&#8220;][\/vc_column][\/vc_row][vc_row content_placement=&#8220;middle&#8220;][vc_column width=&#8220;1\/2&#8243;][vc_single_image image=&#8220;1321&#8243; img_size=&#8220;large&#8220; alignment=&#8220;center&#8220; css=&#8220;&#8220;][\/vc_column][vc_column width=&#8220;1\/2&#8243;][vc_column_text css=&#8220;&#8220; el_class=&#8220;text-green-color-class&#8220;]<\/p>\n<h2>Deluxe hj\u00f3naherbergi<\/h2>\n<p>[\/vc_column_text][vc_empty_space height=&#8220;30px&#8220;][vc_column_text css=&#8220;&#8220; el_class=&#8220;text-green-color-class&#8220;]H\u00f3tel Vestmannaeyjar er me\u00f0 eitt Deluxe herbergi. Herbergi\u00f0 er 30 m2 og er \u00fea\u00f0 fallega innr\u00e9tta\u00f0. Gott \u00fats\u00fdni er \u00far herberginu til fjallanna Helgafells og Eldfells. Morgunver\u00f0arhla\u00f0bor\u00f0 er innifali\u00f0. Innifali\u00f0 \u00ed ver\u00f0i herbergisins er a\u00f0gangur a\u00f0 SPA.[\/vc_column_text][vc_empty_space height=&#8220;30px&#8220;][vc_btn title=&#8220;Lestu meira&#8220; color=&#8220;default&#8220; css=&#8220;.vc_custom_1740739319599{background-color: #4C543D !important;}&#8220; link=&#8220;url:https%3A%2F%2Fhotelvestmannaeyjar.is%2Frooms%2Fdeluxe-double-room%2F|title:Deluxe%20hj%C3%B3naherbergi|&#8220;][\/vc_column][\/vc_row][vc_row content_placement=&#8220;middle&#8220;][vc_column width=&#8220;1\/2&#8243;][vc_column_text css=&#8220;&#8220; el_class=&#8220;text-green-color-class&#8220;]<\/p>\n<h2>Tveggja manna herbergi l\u00edti\u00f0<\/h2>\n<p>[\/vc_column_text][vc_empty_space height=&#8220;30px&#8220;][vc_column_text css=&#8220;&#8220; el_class=&#8220;text-green-color-class&#8220;]H\u00f3tel Vestmannaeyjar b\u00fd\u00f0ur upp\u00e1 15 fermetra twin small herbergi. Herbergin eru tveggja manna herbergi me\u00f0 tveimur a\u00f0skildum r\u00famum og s\u00e9rba\u00f0herbergjum. Morgunver\u00f0ahla\u00f0bor\u00f0 er innifali\u00f0. \u00d6ll herbergin okkar eru reyklaus. Innifali\u00f0 \u00ed ver\u00f0i herbergisins er fr\u00edtt WIFI og a\u00f0gangur a\u00f0 SPA.[\/vc_column_text][vc_empty_space height=&#8220;30px&#8220;][vc_btn title=&#8220;Lestu meira&#8220; color=&#8220;default&#8220; css=&#8220;.vc_custom_1740739332466{background-color: #4C543D !important;}&#8220; link=&#8220;url:https%3A%2F%2Fhotelvestmannaeyjar.is%2Frooms%2Fdeluxe-double-room%2F|title:Deluxe%20hj%C3%B3naherbergi|&#8220;][\/vc_column][vc_column width=&#8220;1\/2&#8243;][vc_single_image image=&#8220;1506&#8243; img_size=&#8220;large&#8220; alignment=&#8220;center&#8220; css=&#8220;&#8220;][\/vc_column][\/vc_row][vc_row][vc_column][vc_text_separator title=&#8220;A\u00f0rar \u00edb\u00fa\u00f0ir&#8220; css=&#8220;&#8220;][\/vc_column][\/vc_row][vc_row content_placement=&#8220;middle&#8220;][vc_column width=&#8220;1\/2&#8243;][vc_column_text css=&#8220;&#8220; el_class=&#8220;text-green-color-class&#8220;]<\/p>\n<h2>Ocean Villas<\/h2>\n<p>[\/vc_column_text][vc_empty_space height=&#8220;30px&#8220;][vc_column_text css=&#8220;&#8220; el_class=&#8220;text-green-color-class&#8220;]Ocean Villas okkar me\u00f0 eldunara\u00f0st\u00f6\u00f0u eru sta\u00f0settar \u00ed B\u00fahamar, vestan megin \u00e1 Heimaey, \u00fear sem \u00fe\u00fa hefur eitt besta \u00fats\u00fdni\u00f0 yfir Vestmannaeyjar. Vi\u00f0 viljum a\u00f0 \u00fe\u00fa nj\u00f3tir \u00fats\u00fdnisins til hins \u00fdtrasta og \u00feess vegna eru einb\u00fdlish\u00fasin okkar me\u00f0 st\u00f3rum gluggum sem sn\u00faa \u00ed vestur. \u00dar \u00fe\u00e6gindum stofunnar \u00feinnar f\u00e6r\u00f0u v\u00ed\u00f0\u00e1ttumiki\u00f0 \u00fats\u00fdni yfir klettinn og \u00ed \u00e1tt a\u00f0 Atlantshafinu mikla. \u00deeir eru l\u00edka sta\u00f0settir r\u00e9tt vi\u00f0 golfv\u00f6ll eyjarinnar svo \u00fe\u00fa getur hoppa\u00f0 \u00fat til a\u00f0 sveifla strax eftir kaffibollann \u00feinn.[\/vc_column_text][vc_empty_space height=&#8220;30px&#8220;][vc_btn title=&#8220;Lestu meira&#8220; color=&#8220;default&#8220; css=&#8220;.vc_custom_1740739344814{background-color: #4C543D !important;}&#8220; link=&#8220;url:https%3A%2F%2Fhotelvestmannaeyjar.is%2Focean-villas%2F|title:Ocean%20Villas|&#8220;][\/vc_column][vc_column width=&#8220;1\/2&#8243;][vc_single_image image=&#8220;1336&#8243; img_size=&#8220;large&#8220; alignment=&#8220;center&#8220;][\/vc_column][\/vc_row][vc_row content_placement=&#8220;middle&#8220;][vc_column width=&#8220;1\/2&#8243;][vc_single_image image=&#8220;1351&#8243; img_size=&#8220;large&#8220; alignment=&#8220;center&#8220;][\/vc_column][vc_column width=&#8220;1\/2&#8243;][vc_column_text css=&#8220;&#8220; el_class=&#8220;text-green-color-class&#8220;]<\/p>\n<h2 class=\"elementor-heading-title elementor-size-default\">Pier \u00cdb\u00fa\u00f0ir<\/h2>\n<p>[\/vc_column_text][vc_empty_space height=&#8220;30px&#8220;][vc_column_text css=&#8220;&#8220; el_class=&#8220;text-green-color-class&#8220;]Pier Apartments okkar me\u00f0 eldunara\u00f0st\u00f6\u00f0u eru vel skipulag\u00f0ar og fullb\u00fanar \u00edb\u00fa\u00f0ir \u00ed hjarta sm\u00e1b\u00e6jarins \u00ed Vestmannaeyjum. \u00c1\u00f0ur veislusalur skiptum vi\u00f0 honum \u00ed tv\u00e6r 150 fermetra \u00edb\u00fa\u00f0ir \u00fear sem fj\u00f6lskyldur geta komi\u00f0 saman og upplifa\u00f0 eyjarnar fr\u00e1 besta sta\u00f0 \u00ed b\u00e6num.[\/vc_column_text][vc_empty_space height=&#8220;30px&#8220;][vc_btn title=&#8220;Lestu meira&#8220; color=&#8220;default&#8220; css=&#8220;.vc_custom_1740739356867{background-color: #4C543D !important;}&#8220; link=&#8220;url:https%3A%2F%2Fhotelvestmannaeyjar.is%2Frooms%2Fdeluxe-double-room%2F|title:Deluxe%20hj%C3%B3naherbergi|&#8220;][\/vc_column][\/vc_row][vc_row content_placement=&#8220;middle&#8220;][vc_column width=&#8220;1\/2&#8243;][vc_column_text css=&#8220;&#8220; el_class=&#8220;text-green-color-class&#8220;]<\/p>\n<h1>N\u00fdja p\u00f3sth\u00fasi\u00f0<\/h1>\n<p>[\/vc_column_text][vc_empty_space height=&#8220;30px&#8220;][vc_column_text css=&#8220;&#8220; el_class=&#8220;text-green-color-class&#8220;]Allar \u00edb\u00fa\u00f0irnar okkar eru allar fullb\u00fanar me\u00f0 s\u00e9r ba\u00f0herbergi, eldh\u00fasi og sv\u00f6lum. St\u00e6r\u00f0in er 28 til 38 fermetrar, \u00fdmist st\u00fad\u00ed\u00f3\u00edb\u00fa\u00f0 e\u00f0a \u00edb\u00fa\u00f0 me\u00f0 einu svefnherbergi og stofu. \u00de\u00fa hefur a\u00f0gang a\u00f0 geymslu, til d\u00e6mis fyrir hj\u00f3li\u00f0 \u00feitt e\u00f0a golfsetti\u00f0 \u00feitt. Sameiginlegt almennt r\u00fdmi \u00e1 jar\u00f0h\u00e6\u00f0 er me\u00f0 setustofu, \u00edsv\u00e9l, st\u00e6rsta s\u00f3lpalli \u00e1 eyjunni, ba\u00f0herbergi og fleira \u00fear sem h\u00e6gt er a\u00f0 koma saman, hitta a\u00f0ra gesti og slaka \u00e1.[\/vc_column_text][vc_empty_space height=&#8220;30px&#8220;][vc_btn title=&#8220;Lestu meira&#8220; color=&#8220;default&#8220; css=&#8220;.vc_custom_1740739367892{background-color: #4C543D !important;}&#8220; link=&#8220;url:https%3A%2F%2Fhotelvestmannaeyjar.is%2Fthe-new-post-office%2F|title:N%C3%BDja%20p%C3%B3sth%C3%BAsi%C3%B0|&#8220;][\/vc_column][vc_column width=&#8220;1\/2&#8243;][vc_single_image image=&#8220;1358&#8243; img_size=&#8220;large&#8220; alignment=&#8220;center&#8220;][\/vc_column][\/vc_row]<\/p>\n<\/div>","protected":false},"excerpt":{"rendered":"<p>[vc_row content_placement=&#8220;middle&#8220;][vc_column width=&#8220;1\/2&#8243;][vc_single_image image=&#8220;1563&#8243; img_size=&#8220;large&#8220; alignment=&#8220;center&#8220; css=&#8220;&#8220;][\/vc_column][vc_column width=&#8220;1\/2&#8243;][vc_column_text css=&#8220;&#8220; el_class=&#8220;text-green-color-class&#8220;] Tveggja manna herbergi [\/vc_column_text][vc_empty_space height=&#8220;30px&#8220;][vc_column_text css=&#8220;&#8220; el_class=&#8220;text-green-color-class&#8220;]H\u00f3tel Vestmannaeyjar er me\u00f0 \u00ferj\u00e1t\u00edu 22 m\u00b2 \u00fe\u00e6gileg standard herbergi me\u00f0 s\u00e9rba\u00f0herbergjum. Herbergin eru a\u00f0gengileg fyrir fatla\u00f0a. Hvert herbergi er fallega innr\u00e9tta\u00f0. Morgunver\u00f0arhla\u00f0bor\u00f0 er innifali\u00f0. \u00d6ll herbergin okkar eru reyklaus. Innifali\u00f0 \u00ed ver\u00f0i herbergisins er a\u00f0gangur a\u00f0 SPA.[\/vc_column_text][vc_empty_space height=&#8220;30px&#8220;][vc_btn&hellip;<\/p>\n","protected":false},"author":2,"featured_media":0,"parent":0,"menu_order":0,"comment_status":"closed","ping_status":"closed","template":"template-microsite.php","meta":{"_monsterinsights_skip_tracking":false,"_monsterinsights_sitenote_active":false,"_monsterinsights_sitenote_note":"","_monsterinsights_sitenote_category":0,"footnotes":""},"class_list":["post-1403","page","type-page","status-publish","hentry","description-off"],"yoast_head":"<!-- This site is optimized with the Yoast SEO plugin v27.4 - https:\/\/yoast.com\/product\/yoast-seo-wordpress\/ -->\n<title>Eiginleikar - H\u00f3tel Vestmannaeyjar<\/title>\n<meta name=\"robots\" content=\"index, follow, max-snippet:-1, max-image-preview:large, max-video-preview:-1\" \/>\n<link rel=\"canonical\" href=\"https:\/\/hotelvestmannaeyjar.is\/is\/eiginleikar\/\" \/>\n<meta property=\"og:locale\" content=\"is_IS\" \/>\n<meta property=\"og:type\" content=\"article\" \/>\n<meta property=\"og:title\" content=\"Eiginleikar - H\u00f3tel Vestmannaeyjar\" \/>\n<meta property=\"og:description\" content=\"[vc_row content_placement=&#8220;middle&#8220;][vc_column width=&#8220;1\/2&#8243;][vc_single_image image=&#8220;1563&#8243; img_size=&#8220;large&#8220; alignment=&#8220;center&#8220; css=&#8220;&#8220;][\/vc_column][vc_column width=&#8220;1\/2&#8243;][vc_column_text css=&#8220;&#8220; el_class=&#8220;text-green-color-class&#8220;] Tveggja manna herbergi [\/vc_column_text][vc_empty_space height=&#8220;30px&#8220;][vc_column_text css=&#8220;&#8220; el_class=&#8220;text-green-color-class&#8220;]H\u00f3tel Vestmannaeyjar er me\u00f0 \u00ferj\u00e1t\u00edu 22 m\u00b2 \u00fe\u00e6gileg standard herbergi me\u00f0 s\u00e9rba\u00f0herbergjum. Herbergin eru a\u00f0gengileg fyrir fatla\u00f0a. Hvert herbergi er fallega innr\u00e9tta\u00f0. Morgunver\u00f0arhla\u00f0bor\u00f0 er innifali\u00f0. \u00d6ll herbergin okkar eru reyklaus. Innifali\u00f0 \u00ed ver\u00f0i herbergisins er a\u00f0gangur a\u00f0 SPA.[\/vc_column_text][vc_empty_space height=&#8220;30px&#8220;][vc_btn&hellip;\" \/>\n<meta property=\"og:url\" content=\"https:\/\/hotelvestmannaeyjar.is\/is\/eiginleikar\/\" \/>\n<meta property=\"og:site_name\" content=\"H\u00f3tel Vestmannaeyjar\" \/>\n<meta property=\"article:publisher\" content=\"https:\/\/www.facebook.com\/HotelVestmannaeyjar\/\" \/>\n<meta property=\"article:modified_time\" content=\"2025-02-28T10:42:51+00:00\" \/>\n<meta property=\"og:image\" content=\"https:\/\/hotelvestmannaeyjar.is\/wp-content\/uploads\/2018\/07\/Hotel-double-room-5.jpg\" \/>\n\t<meta property=\"og:image:width\" content=\"2048\" \/>\n\t<meta property=\"og:image:height\" content=\"1396\" \/>\n\t<meta property=\"og:image:type\" content=\"image\/jpeg\" \/>\n<meta name=\"twitter:card\" content=\"summary_large_image\" \/>\n<meta name=\"twitter:label1\" content=\"Est. reading time\" \/>\n\t<meta name=\"twitter:data1\" content=\"4 minutes\" \/>\n<script type=\"application\/ld+json\" class=\"yoast-schema-graph\">{\"@context\":\"https:\\\/\\\/schema.org\",\"@graph\":[{\"@type\":\"WebPage\",\"@id\":\"https:\\\/\\\/hotelvestmannaeyjar.is\\\/is\\\/eiginleikar\\\/\",\"url\":\"https:\\\/\\\/hotelvestmannaeyjar.is\\\/is\\\/eiginleikar\\\/\",\"name\":\"Eiginleikar - H\u00f3tel Vestmannaeyjar\",\"isPartOf\":{\"@id\":\"https:\\\/\\\/hotelvestmannaeyjar.is\\\/is\\\/#website\"},\"datePublished\":\"2018-07-30T15:41:10+00:00\",\"dateModified\":\"2025-02-28T10:42:51+00:00\",\"breadcrumb\":{\"@id\":\"https:\\\/\\\/hotelvestmannaeyjar.is\\\/is\\\/eiginleikar\\\/#breadcrumb\"},\"inLanguage\":\"is\",\"potentialAction\":[{\"@type\":\"ReadAction\",\"target\":[\"https:\\\/\\\/hotelvestmannaeyjar.is\\\/is\\\/eiginleikar\\\/\"]}]},{\"@type\":\"BreadcrumbList\",\"@id\":\"https:\\\/\\\/hotelvestmannaeyjar.is\\\/is\\\/eiginleikar\\\/#breadcrumb\",\"itemListElement\":[{\"@type\":\"ListItem\",\"position\":1,\"name\":\"Home\",\"item\":\"https:\\\/\\\/hotelvestmannaeyjar.is\\\/is\\\/\"},{\"@type\":\"ListItem\",\"position\":2,\"name\":\"Eiginleikar\"}]},{\"@type\":\"WebSite\",\"@id\":\"https:\\\/\\\/hotelvestmannaeyjar.is\\\/is\\\/#website\",\"url\":\"https:\\\/\\\/hotelvestmannaeyjar.is\\\/is\\\/\",\"name\":\"H\u00f3tel Vestmannaeyjar\",\"description\":\"Accommodation in the heart of Vestmannaeyjar - Westman islands\",\"publisher\":{\"@id\":\"https:\\\/\\\/hotelvestmannaeyjar.is\\\/is\\\/#organization\"},\"potentialAction\":[{\"@type\":\"SearchAction\",\"target\":{\"@type\":\"EntryPoint\",\"urlTemplate\":\"https:\\\/\\\/hotelvestmannaeyjar.is\\\/is\\\/?s={search_term_string}\"},\"query-input\":{\"@type\":\"PropertyValueSpecification\",\"valueRequired\":true,\"valueName\":\"search_term_string\"}}],\"inLanguage\":\"is\"},{\"@type\":\"Organization\",\"@id\":\"https:\\\/\\\/hotelvestmannaeyjar.is\\\/is\\\/#organization\",\"name\":\"H\u00f3tel Vestmannaeyjar\",\"url\":\"https:\\\/\\\/hotelvestmannaeyjar.is\\\/is\\\/\",\"logo\":{\"@type\":\"ImageObject\",\"inLanguage\":\"is\",\"@id\":\"https:\\\/\\\/hotelvestmannaeyjar.is\\\/is\\\/#\\\/schema\\\/logo\\\/image\\\/\",\"url\":\"https:\\\/\\\/5910d8f44c.nxcli.io\\\/wp-content\\\/uploads\\\/2018\\\/07\\\/hotel-vestmannaeyjar-logo.png\",\"contentUrl\":\"https:\\\/\\\/5910d8f44c.nxcli.io\\\/wp-content\\\/uploads\\\/2018\\\/07\\\/hotel-vestmannaeyjar-logo.png\",\"width\":506,\"height\":260,\"caption\":\"H\u00f3tel Vestmannaeyjar\"},\"image\":{\"@id\":\"https:\\\/\\\/hotelvestmannaeyjar.is\\\/is\\\/#\\\/schema\\\/logo\\\/image\\\/\"},\"sameAs\":[\"https:\\\/\\\/www.facebook.com\\\/HotelVestmannaeyjar\\\/\",\"https:\\\/\\\/www.instagram.com\\\/hotelvestmannaeyjar\\\/\"]}]}<\/script>\n<!-- \/ Yoast SEO plugin. -->","yoast_head_json":{"title":"Eiginleikar - H\u00f3tel Vestmannaeyjar","robots":{"index":"index","follow":"follow","max-snippet":"max-snippet:-1","max-image-preview":"max-image-preview:large","max-video-preview":"max-video-preview:-1"},"canonical":"https:\/\/hotelvestmannaeyjar.is\/is\/eiginleikar\/","og_locale":"is_IS","og_type":"article","og_title":"Eiginleikar - H\u00f3tel Vestmannaeyjar","og_description":"[vc_row content_placement=&#8220;middle&#8220;][vc_column width=&#8220;1\/2&#8243;][vc_single_image image=&#8220;1563&#8243; img_size=&#8220;large&#8220; alignment=&#8220;center&#8220; css=&#8220;&#8220;][\/vc_column][vc_column width=&#8220;1\/2&#8243;][vc_column_text css=&#8220;&#8220; el_class=&#8220;text-green-color-class&#8220;] Tveggja manna herbergi [\/vc_column_text][vc_empty_space height=&#8220;30px&#8220;][vc_column_text css=&#8220;&#8220; el_class=&#8220;text-green-color-class&#8220;]H\u00f3tel Vestmannaeyjar er me\u00f0 \u00ferj\u00e1t\u00edu 22 m\u00b2 \u00fe\u00e6gileg standard herbergi me\u00f0 s\u00e9rba\u00f0herbergjum. Herbergin eru a\u00f0gengileg fyrir fatla\u00f0a. Hvert herbergi er fallega innr\u00e9tta\u00f0. Morgunver\u00f0arhla\u00f0bor\u00f0 er innifali\u00f0. \u00d6ll herbergin okkar eru reyklaus. Innifali\u00f0 \u00ed ver\u00f0i herbergisins er a\u00f0gangur a\u00f0 SPA.[\/vc_column_text][vc_empty_space height=&#8220;30px&#8220;][vc_btn&hellip;","og_url":"https:\/\/hotelvestmannaeyjar.is\/is\/eiginleikar\/","og_site_name":"H\u00f3tel Vestmannaeyjar","article_publisher":"https:\/\/www.facebook.com\/HotelVestmannaeyjar\/","article_modified_time":"2025-02-28T10:42:51+00:00","og_image":[{"width":2048,"height":1396,"url":"https:\/\/hotelvestmannaeyjar.is\/wp-content\/uploads\/2018\/07\/Hotel-double-room-5.jpg","type":"image\/jpeg"}],"twitter_card":"summary_large_image","twitter_misc":{"Est. reading time":"4 minutes"},"schema":{"@context":"https:\/\/schema.org","@graph":[{"@type":"WebPage","@id":"https:\/\/hotelvestmannaeyjar.is\/is\/eiginleikar\/","url":"https:\/\/hotelvestmannaeyjar.is\/is\/eiginleikar\/","name":"Eiginleikar - H\u00f3tel Vestmannaeyjar","isPartOf":{"@id":"https:\/\/hotelvestmannaeyjar.is\/is\/#website"},"datePublished":"2018-07-30T15:41:10+00:00","dateModified":"2025-02-28T10:42:51+00:00","breadcrumb":{"@id":"https:\/\/hotelvestmannaeyjar.is\/is\/eiginleikar\/#breadcrumb"},"inLanguage":"is","potentialAction":[{"@type":"ReadAction","target":["https:\/\/hotelvestmannaeyjar.is\/is\/eiginleikar\/"]}]},{"@type":"BreadcrumbList","@id":"https:\/\/hotelvestmannaeyjar.is\/is\/eiginleikar\/#breadcrumb","itemListElement":[{"@type":"ListItem","position":1,"name":"Home","item":"https:\/\/hotelvestmannaeyjar.is\/is\/"},{"@type":"ListItem","position":2,"name":"Eiginleikar"}]},{"@type":"WebSite","@id":"https:\/\/hotelvestmannaeyjar.is\/is\/#website","url":"https:\/\/hotelvestmannaeyjar.is\/is\/","name":"H\u00f3tel Vestmannaeyjar","description":"Accommodation in the heart of Vestmannaeyjar - Westman islands","publisher":{"@id":"https:\/\/hotelvestmannaeyjar.is\/is\/#organization"},"potentialAction":[{"@type":"SearchAction","target":{"@type":"EntryPoint","urlTemplate":"https:\/\/hotelvestmannaeyjar.is\/is\/?s={search_term_string}"},"query-input":{"@type":"PropertyValueSpecification","valueRequired":true,"valueName":"search_term_string"}}],"inLanguage":"is"},{"@type":"Organization","@id":"https:\/\/hotelvestmannaeyjar.is\/is\/#organization","name":"H\u00f3tel Vestmannaeyjar","url":"https:\/\/hotelvestmannaeyjar.is\/is\/","logo":{"@type":"ImageObject","inLanguage":"is","@id":"https:\/\/hotelvestmannaeyjar.is\/is\/#\/schema\/logo\/image\/","url":"https:\/\/5910d8f44c.nxcli.io\/wp-content\/uploads\/2018\/07\/hotel-vestmannaeyjar-logo.png","contentUrl":"https:\/\/5910d8f44c.nxcli.io\/wp-content\/uploads\/2018\/07\/hotel-vestmannaeyjar-logo.png","width":506,"height":260,"caption":"H\u00f3tel Vestmannaeyjar"},"image":{"@id":"https:\/\/hotelvestmannaeyjar.is\/is\/#\/schema\/logo\/image\/"},"sameAs":["https:\/\/www.facebook.com\/HotelVestmannaeyjar\/","https:\/\/www.instagram.com\/hotelvestmannaeyjar\/"]}]}},"_links":{"self":[{"href":"https:\/\/hotelvestmannaeyjar.is\/is\/wp-json\/wp\/v2\/pages\/1403","targetHints":{"allow":["GET"]}}],"collection":[{"href":"https:\/\/hotelvestmannaeyjar.is\/is\/wp-json\/wp\/v2\/pages"}],"about":[{"href":"https:\/\/hotelvestmannaeyjar.is\/is\/wp-json\/wp\/v2\/types\/page"}],"author":[{"embeddable":true,"href":"https:\/\/hotelvestmannaeyjar.is\/is\/wp-json\/wp\/v2\/users\/2"}],"replies":[{"embeddable":true,"href":"https:\/\/hotelvestmannaeyjar.is\/is\/wp-json\/wp\/v2\/comments?post=1403"}],"version-history":[{"count":11,"href":"https:\/\/hotelvestmannaeyjar.is\/is\/wp-json\/wp\/v2\/pages\/1403\/revisions"}],"predecessor-version":[{"id":1596,"href":"https:\/\/hotelvestmannaeyjar.is\/is\/wp-json\/wp\/v2\/pages\/1403\/revisions\/1596"}],"wp:attachment":[{"href":"https:\/\/hotelvestmannaeyjar.is\/is\/wp-json\/wp\/v2\/media?parent=1403"}],"curies":[{"name":"wp","href":"https:\/\/api.w.org\/{rel}","templated":true}]}}